{"id":19265,"date":"2023-06-01T12:36:00","date_gmt":"2023-06-01T12:36:00","guid":{"rendered":"https:\/\/turkeycommercial.com\/property\/commercial-and-tourism-land-in-edirne\/"},"modified":"2026-01-15T11:33:41","modified_gmt":"2026-01-15T11:33:41","slug":"commercial-and-tourism-land-in-edirne","status":"publish","type":"property","link":"https:\/\/turkeycommercial.com\/tr\/property\/commercial-and-tourism-land-in-edirne\/","title":{"rendered":"Edirne&#8217;de Ticaret ve Turizm Arsas\u0131"},"content":{"rendered":"\n<p>\u0130skender Edirne&#8217;de Prime Ticaret ve Turizm \u0130marl\u0131 Sat\u0131l\u0131k Arsa<\/p>\n\n<p>A\u00e7\u0131klama: Edirne&#8217;nin en g\u00f6zde b\u00f6lgelerinden biri olan \u0130skender&#8217;de sat\u0131l\u0131k birinci s\u0131n\u0131f ticaret ve turizm imarl\u0131 arsam\u0131zla kazan\u00e7l\u0131 bir yat\u0131r\u0131m f\u0131rsat\u0131n\u0131 ke\u015ffedin. E-5 Karayolu (D100) \u00fczerinde yer alan bu m\u00fclk, ola\u011fan\u00fcst\u00fc konumu ve \u00e7ekici ticaret ve turizm imar\u0131yla dikkat \u00e7ekiyor.<\/p>\n\n<p>Maksimum 25 metre yap\u0131 y\u00fcksekli\u011fi ve 6 kat izin verilen bu arsa, y\u00fcksek geli\u015fme potansiyeli sunmaktad\u0131r. Arsa ayr\u0131ca 2 emsal de\u011ferine sahiptir ve bu da onu kayda de\u011fer getiri arayan yat\u0131r\u0131mc\u0131lar i\u00e7in cazip bir olas\u0131l\u0131k haline getirir.<\/p>\n\n<p>Olduk\u00e7a avantajl\u0131 bir konumda bulunan arsam\u0131z, temel olanaklar ve se\u00e7kin kurulu\u015flarla \u00e7evrilidir. Yak\u0131ndaki okullar, hastaneler ve \u00fcniversite kamp\u00fcsleri \u015funlar\u0131 i\u00e7erir:<\/p>\n\n<ul class=\"wp-block-list\">\n<li>Ted Edirne Koleji: 1 km<\/li>\n\n\n\n<li>Bah\u00e7e\u015fehir Koleji: 1 km<\/li>\n\n\n\n<li>Do\u011fa College: 1 km<\/li>\n\n\n\n<li>Trakya University: 4 km<\/li>\n<\/ul>\n\n<p>Ayr\u0131ca Volkswagen, Ford, Toyota, Seat gibi \u00fcnl\u00fc otomobil showroomlar\u0131na ve Ramada Otel, 5M Migros gibi ticari alanlara 1-4 km mesafe i\u00e7indedir.<\/p>\n\n<p>T\u00fcm \u00e7evre, villa projeleri ve az katl\u0131 konut geli\u015ftirmeleri ile \u00e7evrili olup, buray\u0131 ticari ve turizm giri\u015fimleri i\u00e7in b\u00fcy\u00fcleyici bir yer haline getirmektedir.<\/p>\n\n<p>Edirne&#8217;nin \u0130skender il\u00e7esinde ticaret ve turizm imarl\u0131 \u00e7ok iyi bir arsaya yat\u0131r\u0131m yapmak i\u00e7in bu ola\u011fan\u00fcst\u00fc f\u0131rsat\u0131 ka\u00e7\u0131rmay\u0131n. Bu e\u015fsiz f\u0131rsat\u0131 de\u011ferlendirmek ve kazan\u00e7l\u0131 bir yat\u0131r\u0131m yolculu\u011funa \u00e7\u0131kmak i\u00e7in bug\u00fcn bizimle ileti\u015fime ge\u00e7in. <br\/><\/p>\n\n<figure class=\"wp-block-table\"><table><thead><tr><th>Emlak Tipi<\/th><th>Ticaret ve Turizm \u0130marl\u0131 Arsa<\/th><\/tr><\/thead><tbody><tr><td>Konum<\/td><td>\u0130skender, Edirne<\/td><\/tr><tr><td>Arazi alan\u0131<\/td><td>7007 m\u00b2<\/td><\/tr><tr><td>Maksimum Bina Y\u00fcksekli\u011fi<\/td><td>25 metre<\/td><\/tr><tr><td>Maksimum Kat Say\u0131s\u0131<\/td><td>6 kat<\/td><\/tr><tr><td>Emsal De\u011feri<\/td><td>2<\/td><\/tr><\/tbody><\/table><\/figure>\n\n<p>#Edirne #\u0130skender #TicariArsa #TurizmF\u0131rsat\u0131 #Yat\u0131r\u0131mPotansiyeli #PrimeLocation<\/p>\n","protected":false},"excerpt":{"rendered":"<p>\u0130skender Edirne&#8217;de Prime Ticaret ve Turizm \u0130marl\u0131 Sat\u0131l\u0131k Arsa A\u00e7\u0131klama: Edirne&#8217;nin en g\u00f6zde b\u00f6lgelerinden biri olan \u0130skender&#8217;de sat\u0131l\u0131k birinci s\u0131n\u0131f ticaret ve turizm imarl\u0131 arsam\u0131zla kazan\u00e7l\u0131 bir yat\u0131r\u0131m f\u0131rsat\u0131n\u0131 ke\u015ffedin. E-5 Karayolu (D100) \u00fczerinde yer alan bu m\u00fclk, ola\u011fan\u00fcst\u00fc konumu ve \u00e7ekici ticaret ve turizm imar\u0131yla dikkat \u00e7ekiyor. Maksimum 25 metre yap\u0131 y\u00fcksekli\u011fi ve 6 [&hellip;]<\/p>\n","protected":false},"author":1,"featured_media":18648,"parent":0,"menu_order":0,"template":"","property_type":[123],"property_status":[162],"property_feature":[],"property_label":[],"property_country":[119],"property_state":[],"property_city":[124],"property_area":[],"class_list":["post-19265","property","type-property","status-publish","has-post-thumbnail","hentry","property_type-arsa","property_status-satildi","property_country-turkey-tr","property_city-edirne-tr"],"property_meta":{"_thumbnail_id":["18648"],"_top_nav_excluded":[""],"_cms_nav_minihome":[""],"_last_translation_edit_mode":["translation-editor"],"_wpml_media_featured":["1"],"_wpml_media_duplicate":["1"],"_wp_attachment_metadata":[""],"fave_property_size":["7007"],"fave_property_size_prefix":["m\u00b2"],"fave_property_land":["7007"],"fave_property_land_postfix":["m\u00b2"],"fave_property_id":["TC-615"],"fave_property_map":["1"],"fave_property_map_address":["\u0130stanbul - Kap\u0131kule Yolu, Edirne, Marmara Region, Turkey"],"fave_property_location":["41.612596569465,26.643759163636,13"],"fave_property_map_street_view":["hide"],"fave_agent_display_option":["none"],"fave_single_top_area":["global"],"fave_single_content_area":["global"],"houzez_geolocation_lat":["41.612596569465"],"houzez_geolocation_long":["26.643759163636"],"houzez_recently_viewed":["2026-04-30 08:13:13"],"houzez_total_property_views":["1113"],"houzez_views_by_date":["a:61:{s:10:\"02-20-2026\";i:11;s:10:\"02-21-2026\";i:2;s:10:\"02-23-2026\";i:2;s:10:\"02-26-2026\";i:1;s:10:\"02-27-2026\";i:24;s:10:\"02-28-2026\";i:2;s:10:\"03-01-2026\";i:1;s:10:\"03-03-2026\";i:2;s:10:\"03-04-2026\";i:2;s:10:\"03-05-2026\";i:1;s:10:\"03-06-2026\";i:2;s:10:\"03-09-2026\";i:1;s:10:\"03-10-2026\";i:3;s:10:\"03-11-2026\";i:2;s:10:\"03-12-2026\";i:1;s:10:\"03-13-2026\";i:1;s:10:\"03-14-2026\";i:3;s:10:\"03-15-2026\";i:2;s:10:\"03-16-2026\";i:6;s:10:\"03-17-2026\";i:2;s:10:\"03-18-2026\";i:6;s:10:\"03-19-2026\";i:1;s:10:\"03-20-2026\";i:4;s:10:\"03-21-2026\";i:2;s:10:\"03-22-2026\";i:2;s:10:\"03-23-2026\";i:2;s:10:\"03-24-2026\";i:3;s:10:\"03-25-2026\";i:5;s:10:\"03-26-2026\";i:3;s:10:\"03-27-2026\";i:3;s:10:\"03-28-2026\";i:2;s:10:\"03-29-2026\";i:1;s:10:\"03-30-2026\";i:1;s:10:\"04-01-2026\";i:1;s:10:\"04-02-2026\";i:1;s:10:\"04-03-2026\";i:3;s:10:\"04-04-2026\";i:1;s:10:\"04-05-2026\";i:2;s:10:\"04-06-2026\";i:2;s:10:\"04-07-2026\";i:1;s:10:\"04-08-2026\";i:1;s:10:\"04-09-2026\";i:2;s:10:\"04-10-2026\";i:1;s:10:\"04-11-2026\";i:2;s:10:\"04-12-2026\";i:2;s:10:\"04-13-2026\";i:1;s:10:\"04-14-2026\";i:2;s:10:\"04-15-2026\";i:3;s:10:\"04-16-2026\";i:2;s:10:\"04-17-2026\";i:3;s:10:\"04-18-2026\";i:2;s:10:\"04-19-2026\";i:3;s:10:\"04-20-2026\";i:5;s:10:\"04-21-2026\";i:2;s:10:\"04-22-2026\";i:3;s:10:\"04-24-2026\";i:3;s:10:\"04-25-2026\";i:1;s:10:\"04-26-2026\";i:1;s:10:\"04-27-2026\";i:3;s:10:\"04-28-2026\";i:1;s:10:\"04-30-2026\";i:2;}"],"rank_math_analytic_object_id":["80"],"rank_math_internal_links_processed":["1"],"rank_math_seo_score":["4"],"_edit_lock":["1768476822:1"],"_edit_last":["1"],"houzez_manual_expire":["0"],"_houzez_expiration_date_status":["saved"],"fave_property_images":["18648","18649","18650","18651"]},"_links":{"self":[{"href":"https:\/\/turkeycommercial.com\/tr\/wp-json\/wp\/v2\/properties\/19265","targetHints":{"allow":["GET"]}}],"collection":[{"href":"https:\/\/turkeycommercial.com\/tr\/wp-json\/wp\/v2\/properties"}],"about":[{"href":"https:\/\/turkeycommercial.com\/tr\/wp-json\/wp\/v2\/types\/property"}],"author":[{"embeddable":true,"href":"https:\/\/turkeycommercial.com\/tr\/wp-json\/wp\/v2\/users\/1"}],"version-history":[{"count":7,"href":"https:\/\/turkeycommercial.com\/tr\/wp-json\/wp\/v2\/properties\/19265\/revisions"}],"predecessor-version":[{"id":19335,"href":"https:\/\/turkeycommercial.com\/tr\/wp-json\/wp\/v2\/properties\/19265\/revisions\/19335"}],"wp:featuredmedia":[{"embeddable":true,"href":"https:\/\/turkeycommercial.com\/tr\/wp-json\/wp\/v2\/media\/18648"}],"wp:attachment":[{"href":"https:\/\/turkeycommercial.com\/tr\/wp-json\/wp\/v2\/media?parent=19265"}],"wp:term":[{"taxonomy":"property_type","embeddable":true,"href":"https:\/\/turkeycommercial.com\/tr\/wp-json\/wp\/v2\/property_type?post=19265"},{"taxonomy":"property_status","embeddable":true,"href":"https:\/\/turkeycommercial.com\/tr\/wp-json\/wp\/v2\/property_status?post=19265"},{"taxonomy":"property_feature","embeddable":true,"href":"https:\/\/turkeycommercial.com\/tr\/wp-json\/wp\/v2\/property_feature?post=19265"},{"taxonomy":"property_label","embeddable":true,"href":"https:\/\/turkeycommercial.com\/tr\/wp-json\/wp\/v2\/property_label?post=19265"},{"taxonomy":"property_country","embeddable":true,"href":"https:\/\/turkeycommercial.com\/tr\/wp-json\/wp\/v2\/property_country?post=19265"},{"taxonomy":"property_state","embeddable":true,"href":"https:\/\/turkeycommercial.com\/tr\/wp-json\/wp\/v2\/property_state?post=19265"},{"taxonomy":"property_city","embeddable":true,"href":"https:\/\/turkeycommercial.com\/tr\/wp-json\/wp\/v2\/property_city?post=19265"},{"taxonomy":"property_area","embeddable":true,"href":"https:\/\/turkeycommercial.com\/tr\/wp-json\/wp\/v2\/property_area?post=19265"}],"curies":[{"name":"wp","href":"https:\/\/api.w.org\/{rel}","templated":true}]}}