{"id":19263,"date":"2023-07-21T16:57:03","date_gmt":"2023-07-21T16:57:03","guid":{"rendered":"https:\/\/turkeycommercial.com\/property\/industrial-land-investment-in-turkey\/"},"modified":"2026-01-15T11:32:21","modified_gmt":"2026-01-15T11:32:21","slug":"industrial-land-investment-in-turkey","status":"publish","type":"property","link":"https:\/\/turkeycommercial.com\/tr\/property\/industrial-land-investment-in-turkey\/","title":{"rendered":"T\u00fcrkiye&#8217;de Sanayi Arazisi Yat\u0131r\u0131m\u0131"},"content":{"rendered":"<\/p>\n\n\n<p>S\u0131nai M\u00fclkiyet Yat\u0131r\u0131m F\u0131rsat\u0131<\/p>\n<p>\n<\/p><\/p>\n\n\n<p>Ergene Velime\u015fe Organize Sanayi B\u00f6lgesi yan\u0131nda bulunan geni\u015f sanayi arsam\u0131z kazan\u00e7l\u0131 bir yat\u0131r\u0131m alan\u0131 sunmaktad\u0131r.<\/p>\n<p>\n<\/p><\/p>\n\n\n<figure class=\"wp-block-table\">\n<table>\n<thead>\n<tr>\n<th><\/th>\n<th><\/th>\n<\/tr>\n<\/thead>\n<tbody>\n<tr>\n<td>Toplam Alan<\/td>\n<td>107,271 m2<\/td>\n<\/tr>\n<tr>\n<td>Koliler<\/td>\n<td>9<\/td>\n<\/tr>\n<tr>\n<td>E\u015fde\u011fer Oran<\/td>\n<td>0.60<\/td>\n<\/tr>\n<tr>\n<td>Konum<\/td>\n<td>Ergene Velime\u015fe Organize Sanayi B\u00f6lgesi S\u0131n\u0131r\u0131<\/td>\n<\/tr>\n<tr>\n<td>G\u00fcmr\u00fckleme Sonras\u0131 Alan<\/td>\n<td>88,000 m2<\/td>\n<\/tr>\n<tr>\n<td>yak\u0131nl\u0131k<\/td>\n<td>Otoyol gi\u015felerine ve ana caddeye yak\u0131n<\/td>\n<\/tr>\n<tr>\n<td>\u00e7evre<\/td>\n<td>\u00c7ok say\u0131da sanayi kurulu\u015fu ve fabrika<\/td>\n<\/tr>\n<\/tbody>\n<\/table>\n<\/figure>\n<p>\n<\/p><\/p>\n\n\n<p>S\u0131nai gayrimenkul yat\u0131r\u0131m\u0131 yapmak isteyenler i\u00e7in sitemiz ideal bir f\u0131rsat sunuyor. Daha detayl\u0131 bilgi i\u00e7in l\u00fctfen bizimle ileti\u015fime ge\u00e7iniz.<\/p>\n<p>\n<\/p><\/p>\n\n<\/p>\n<hr class=\"wp-block-separator has-alpha-channel-opacity\" \/>\n<p>\n<\/p>\n\n\n<p>T\u00fcrk Vatanda\u015fl\u0131\u011f\u0131 \u0130steyen Uluslararas\u0131 Yat\u0131r\u0131mc\u0131lara Yat\u0131r\u0131m F\u0131rsat\u0131<\/p>\n<p>\n<\/p><\/p>\n\n\n<p>Ergene Velime\u015fe Organize Sanayi B\u00f6lgesi yak\u0131n\u0131nda stratejik bir konuma sahip olan s\u0131nai gayrimenkul\u00fcm\u00fcz, T\u00fcrk vatanda\u015fl\u0131\u011f\u0131 almay\u0131 hedefleyen yabanc\u0131 yat\u0131r\u0131mc\u0131lar i\u00e7in \u00f6nemli bir yat\u0131r\u0131m f\u0131rsat\u0131 sunmaktad\u0131r.<\/p>\n<p>\n<\/p><\/p>\n\n\n<figure class=\"wp-block-table\">\n<table>\n<thead>\n<tr>\n<th><\/th>\n<th><\/th>\n<\/tr>\n<\/thead>\n<tbody>\n<tr>\n<td>Vatanda\u015fl\u0131k Uygunlu\u011fu<\/td>\n<td>Gayrimenkul veya di\u011fer sekt\u00f6rlerde en az 400.000 $ yat\u0131r\u0131m<\/td>\n<\/tr>\n<tr>\n<td>Tapu Mevcut<\/td>\n<td>9&#8217;a kadar<\/td>\n<\/tr>\n<tr>\n<td>Vatanda\u015fl\u0131k Ba\u015fvuru Sahipleri<\/td>\n<td>9 ki\u015fiye kadar<\/td>\n<\/tr>\n<tr>\n<td>Konum<\/td>\n<td>H\u0131zla geli\u015fen bir b\u00f6lge olan \u0130stanbul yak\u0131nlar\u0131nda<\/td>\n<\/tr>\n<tr>\n<td>Beklenen B\u00fcy\u00fcme<\/td>\n<td>Yak\u0131n gelecekte \u00f6nemli geli\u015fme<\/td>\n<\/tr>\n<\/tbody>\n<\/table>\n<\/figure>\n<p>\n<\/p><\/p>\n\n\n<p>Yabanc\u0131 yat\u0131r\u0131mc\u0131lar, s\u0131nai m\u00fclkiyetimize yat\u0131r\u0131m yaparak, b\u00fcy\u00fcyen bir sanayi b\u00f6lgesinin ekonomik ve finansal faydalar\u0131n\u0131 kullan\u0131rken T\u00fcrk vatanda\u015fl\u0131\u011f\u0131n\u0131 da g\u00fcvence alt\u0131na alabilirler. Bu f\u0131rsat hakk\u0131nda daha ayr\u0131nt\u0131l\u0131 bilgi i\u00e7in l\u00fctfen ileti\u015fime ge\u00e7in.<\/p>\n<p>\n<\/p><\/p>\n","protected":false},"excerpt":{"rendered":"<p>S\u0131nai M\u00fclkiyet Yat\u0131r\u0131m F\u0131rsat\u0131 Ergene Velime\u015fe Organize Sanayi B\u00f6lgesi yan\u0131nda bulunan geni\u015f sanayi arsam\u0131z kazan\u00e7l\u0131 bir yat\u0131r\u0131m alan\u0131 sunmaktad\u0131r. Toplam Alan 107,271 m2 Koliler 9 E\u015fde\u011fer Oran 0.60 Konum Ergene Velime\u015fe Organize Sanayi B\u00f6lgesi S\u0131n\u0131r\u0131 G\u00fcmr\u00fckleme Sonras\u0131 Alan 88,000 m2 yak\u0131nl\u0131k Otoyol gi\u015felerine ve ana caddeye yak\u0131n \u00e7evre \u00c7ok say\u0131da sanayi kurulu\u015fu ve fabrika S\u0131nai [&hellip;]<\/p>\n","protected":false},"author":1,"featured_media":18335,"parent":0,"menu_order":0,"template":"","property_type":[123],"property_status":[162],"property_feature":[],"property_label":[],"property_country":[119],"property_state":[121],"property_city":[118],"property_area":[],"class_list":["post-19263","property","type-property","status-publish","has-post-thumbnail","hentry","property_type-arsa","property_status-satildi","property_country-turkey-tr","property_state-velimese-tr","property_city-tekirdag-tr"],"property_meta":{"_thumbnail_id":["18335"],"_top_nav_excluded":[""],"_cms_nav_minihome":[""],"_last_translation_edit_mode":["translation-editor"],"_wpml_media_featured":["1"],"_wpml_media_duplicate":["1"],"_wp_attachment_metadata":[""],"_edit_lock":["1768476749:1"],"fave_property_land":["107000"],"fave_property_land_postfix":["m\u00b2"],"fave_property_id":["TC-611"],"fave_property_map":["1"],"fave_property_map_address":["Velik\u00f6y OSB Mahallesi, Ergene, Tekirda\u011f, Turkey"],"fave_property_location":["41.213857997122,27.865657194256,14"],"fave_property_map_street_view":["hide"],"fave_property_address":["Velik\u00f6y OSB Mahallesi, Ergene, Tekirda\u011f, Turkey"],"fave_video_url":["https:\/\/www.youtube.com\/watch?v=6kEQS5IJW_Q&t=12s"],"fave_agent_display_option":["author_info"],"fave_single_top_area":["global"],"fave_single_content_area":["global"],"fave_video_image":["18335"],"houzez_geolocation_lat":["41.213857997122"],"houzez_geolocation_long":["27.865657194256"],"houzez_recently_viewed":["2026-04-30 08:12:41"],"houzez_total_property_views":["1300"],"houzez_views_by_date":["a:61:{s:10:\"02-21-2026\";i:2;s:10:\"02-22-2026\";i:2;s:10:\"02-23-2026\";i:1;s:10:\"02-24-2026\";i:1;s:10:\"02-26-2026\";i:1;s:10:\"02-27-2026\";i:22;s:10:\"03-01-2026\";i:2;s:10:\"03-02-2026\";i:2;s:10:\"03-03-2026\";i:1;s:10:\"03-05-2026\";i:2;s:10:\"03-06-2026\";i:3;s:10:\"03-07-2026\";i:3;s:10:\"03-09-2026\";i:1;s:10:\"03-10-2026\";i:2;s:10:\"03-11-2026\";i:7;s:10:\"03-12-2026\";i:4;s:10:\"03-14-2026\";i:3;s:10:\"03-15-2026\";i:9;s:10:\"03-16-2026\";i:6;s:10:\"03-17-2026\";i:1;s:10:\"03-18-2026\";i:3;s:10:\"03-19-2026\";i:1;s:10:\"03-20-2026\";i:3;s:10:\"03-21-2026\";i:5;s:10:\"03-22-2026\";i:2;s:10:\"03-23-2026\";i:2;s:10:\"03-24-2026\";i:2;s:10:\"03-25-2026\";i:5;s:10:\"03-26-2026\";i:3;s:10:\"03-27-2026\";i:3;s:10:\"03-28-2026\";i:1;s:10:\"03-30-2026\";i:3;s:10:\"03-31-2026\";i:2;s:10:\"04-01-2026\";i:3;s:10:\"04-02-2026\";i:4;s:10:\"04-03-2026\";i:2;s:10:\"04-04-2026\";i:2;s:10:\"04-05-2026\";i:1;s:10:\"04-06-2026\";i:1;s:10:\"04-07-2026\";i:3;s:10:\"04-08-2026\";i:3;s:10:\"04-09-2026\";i:1;s:10:\"04-11-2026\";i:1;s:10:\"04-12-2026\";i:5;s:10:\"04-13-2026\";i:2;s:10:\"04-14-2026\";i:2;s:10:\"04-15-2026\";i:4;s:10:\"04-16-2026\";i:3;s:10:\"04-17-2026\";i:2;s:10:\"04-18-2026\";i:3;s:10:\"04-19-2026\";i:2;s:10:\"04-20-2026\";i:8;s:10:\"04-22-2026\";i:6;s:10:\"04-23-2026\";i:2;s:10:\"04-24-2026\";i:1;s:10:\"04-25-2026\";i:1;s:10:\"04-26-2026\";i:2;s:10:\"04-27-2026\";i:2;s:10:\"04-28-2026\";i:2;s:10:\"04-29-2026\";i:2;s:10:\"04-30-2026\";i:3;}"],"rank_math_analytic_object_id":["79"],"rank_math_internal_links_processed":["1"],"rank_math_seo_score":["4"],"_edit_last":["1"],"houzez_manual_expire":["0"],"_houzez_expiration_date_status":["saved"],"fave_property_images":["18333","18331","18494","18332","18334","18335","18336"],"fave_prop_slider_image":["18334"]},"_links":{"self":[{"href":"https:\/\/turkeycommercial.com\/tr\/wp-json\/wp\/v2\/properties\/19263","targetHints":{"allow":["GET"]}}],"collection":[{"href":"https:\/\/turkeycommercial.com\/tr\/wp-json\/wp\/v2\/properties"}],"about":[{"href":"https:\/\/turkeycommercial.com\/tr\/wp-json\/wp\/v2\/types\/property"}],"author":[{"embeddable":true,"href":"https:\/\/turkeycommercial.com\/tr\/wp-json\/wp\/v2\/users\/1"}],"version-history":[{"count":4,"href":"https:\/\/turkeycommercial.com\/tr\/wp-json\/wp\/v2\/properties\/19263\/revisions"}],"predecessor-version":[{"id":19338,"href":"https:\/\/turkeycommercial.com\/tr\/wp-json\/wp\/v2\/properties\/19263\/revisions\/19338"}],"wp:featuredmedia":[{"embeddable":true,"href":"https:\/\/turkeycommercial.com\/tr\/wp-json\/wp\/v2\/media\/18335"}],"wp:attachment":[{"href":"https:\/\/turkeycommercial.com\/tr\/wp-json\/wp\/v2\/media?parent=19263"}],"wp:term":[{"taxonomy":"property_type","embeddable":true,"href":"https:\/\/turkeycommercial.com\/tr\/wp-json\/wp\/v2\/property_type?post=19263"},{"taxonomy":"property_status","embeddable":true,"href":"https:\/\/turkeycommercial.com\/tr\/wp-json\/wp\/v2\/property_status?post=19263"},{"taxonomy":"property_feature","embeddable":true,"href":"https:\/\/turkeycommercial.com\/tr\/wp-json\/wp\/v2\/property_feature?post=19263"},{"taxonomy":"property_label","embeddable":true,"href":"https:\/\/turkeycommercial.com\/tr\/wp-json\/wp\/v2\/property_label?post=19263"},{"taxonomy":"property_country","embeddable":true,"href":"https:\/\/turkeycommercial.com\/tr\/wp-json\/wp\/v2\/property_country?post=19263"},{"taxonomy":"property_state","embeddable":true,"href":"https:\/\/turkeycommercial.com\/tr\/wp-json\/wp\/v2\/property_state?post=19263"},{"taxonomy":"property_city","embeddable":true,"href":"https:\/\/turkeycommercial.com\/tr\/wp-json\/wp\/v2\/property_city?post=19263"},{"taxonomy":"property_area","embeddable":true,"href":"https:\/\/turkeycommercial.com\/tr\/wp-json\/wp\/v2\/property_area?post=19263"}],"curies":[{"name":"wp","href":"https:\/\/api.w.org\/{rel}","templated":true}]}}